{"id":270,"date":"2023-10-19T04:26:54","date_gmt":"2023-10-19T07:26:54","guid":{"rendered":"https:\/\/foto.art.br\/site\/?page_id=270"},"modified":"2024-01-22T16:02:10","modified_gmt":"2024-01-22T19:02:10","slug":"lentes","status":"publish","type":"page","link":"https:\/\/foto.art.br\/site\/lentes\/","title":{"rendered":"lentes"},"content":{"rendered":"\n<p>As lentes usadas em c\u00e2meras artesanais podem ser:<\/p>\n\n\n\n<p>de orif\u00edcio &#8211; pinhole<\/p>\n\n\n\n<p>lentes de lupas, de um elemento<\/p>\n\n\n\n<figure class=\"wp-block-image size-large\"><img loading=\"lazy\" decoding=\"async\" width=\"1024\" height=\"768\" src=\"https:\/\/foto.art.br\/site\/wp-content\/uploads\/2023\/10\/lupas-1024x768.jpg\" alt=\"\" class=\"wp-image-287\" srcset=\"https:\/\/foto.art.br\/site\/wp-content\/uploads\/2023\/10\/lupas-1024x768.jpg 1024w, https:\/\/foto.art.br\/site\/wp-content\/uploads\/2023\/10\/lupas-300x225.jpg 300w, https:\/\/foto.art.br\/site\/wp-content\/uploads\/2023\/10\/lupas-768x576.jpg 768w, https:\/\/foto.art.br\/site\/wp-content\/uploads\/2023\/10\/lupas-1536x1152.jpg 1536w, https:\/\/foto.art.br\/site\/wp-content\/uploads\/2023\/10\/lupas-2048x1536.jpg 2048w\" sizes=\"auto, (max-width: 1024px) 100vw, 1024px\" \/><\/figure>\n\n\n\n<p>lentes \u00f3ticas compostas, lentes de c\u00e2meras antigas, ampliadores, c\u00e2meras gr\u00e1ficas, projetores episc\u00f3piaos, retroprojetores<\/p>\n\n\n\n<p>lentes com obturador central, de c\u00e2meras de m\u00e9dio ou grande formato, reaproveitadas de c\u00e2meras antigas, ou em adapta\u00e7\u00f5es n\u00e3o destrutivas de c\u00e2meras antigas<\/p>\n","protected":false},"excerpt":{"rendered":"<p>As lentes usadas em c\u00e2meras artesanais podem ser: de orif\u00edcio &#8211; pinhole lentes de lupas, de um elemento lentes \u00f3ticas compostas, lentes de c\u00e2meras antigas, ampliadores, c\u00e2meras gr\u00e1ficas, projetores episc\u00f3piaos, retroprojetores lentes com obturador central, de c\u00e2meras de m\u00e9dio ou grande formato, reaproveitadas de c\u00e2meras antigas, ou em adapta\u00e7\u00f5es n\u00e3o destrutivas de c\u00e2meras antigas<\/p>\n","protected":false},"author":1,"featured_media":0,"parent":0,"menu_order":0,"comment_status":"closed","ping_status":"closed","template":"","meta":{"footnotes":""},"class_list":["post-270","page","type-page","status-publish","hentry"],"blocksy_meta":[],"_links":{"self":[{"href":"https:\/\/foto.art.br\/site\/wp-json\/wp\/v2\/pages\/270","targetHints":{"allow":["GET"]}}],"collection":[{"href":"https:\/\/foto.art.br\/site\/wp-json\/wp\/v2\/pages"}],"about":[{"href":"https:\/\/foto.art.br\/site\/wp-json\/wp\/v2\/types\/page"}],"author":[{"embeddable":true,"href":"https:\/\/foto.art.br\/site\/wp-json\/wp\/v2\/users\/1"}],"replies":[{"embeddable":true,"href":"https:\/\/foto.art.br\/site\/wp-json\/wp\/v2\/comments?post=270"}],"version-history":[{"count":0,"href":"https:\/\/foto.art.br\/site\/wp-json\/wp\/v2\/pages\/270\/revisions"}],"wp:attachment":[{"href":"https:\/\/foto.art.br\/site\/wp-json\/wp\/v2\/media?parent=270"}],"curies":[{"name":"wp","href":"https:\/\/api.w.org\/{rel}","templated":true}]}}